{"id":185,"date":"2021-11-03T15:05:06","date_gmt":"2021-11-03T14:05:06","guid":{"rendered":"https:\/\/piterevyn.se\/?page_id=185"},"modified":"2025-11-30T15:02:22","modified_gmt":"2025-11-30T14:02:22","slug":"om-oss","status":"publish","type":"page","link":"https:\/\/piterevyn.se\/?page_id=185","title":{"rendered":"ENSEMBLEN 2026"},"content":{"rendered":"\n<div class=\"wp-block-columns is-layout-flex wp-container-4 wp-block-columns-is-layout-flex\">\n<div class=\"wp-block-column is-vertically-aligned-center is-layout-flow wp-block-column-is-layout-flow\">\n<figure class=\"wp-block-gallery has-nested-images columns-default is-cropped wp-block-gallery-1 is-layout-flex wp-block-gallery-is-layout-flex\">\n<figure class=\"wp-block-image size-full\"><img fetchpriority=\"high\" decoding=\"async\" width=\"800\" height=\"280\" src=\"https:\/\/piterevyn.se\/wp-content\/uploads\/2025\/11\/PITEA-4-4.jpg\" alt=\"\" class=\"wp-image-1315\" srcset=\"https:\/\/piterevyn.se\/wp-content\/uploads\/2025\/11\/PITEA-4-4.jpg 800w, https:\/\/piterevyn.se\/wp-content\/uploads\/2025\/11\/PITEA-4-4-300x105.jpg 300w, https:\/\/piterevyn.se\/wp-content\/uploads\/2025\/11\/PITEA-4-4-768x269.jpg 768w\" sizes=\"(max-width: 800px) 100vw, 800px\" \/><\/figure>\n<\/figure>\n<\/div>\n<\/div>\n\n\n\n<div class=\"wp-block-columns is-layout-flex wp-container-10 wp-block-columns-is-layout-flex\">\n<div class=\"wp-block-column is-vertically-aligned-center is-layout-flow wp-block-column-is-layout-flow\" style=\"flex-basis:100%\">\n<div class=\"wp-block-columns is-layout-flex wp-container-8 wp-block-columns-is-layout-flex\">\n<div class=\"wp-block-column is-layout-flow wp-block-column-is-layout-flow\">\n<figure class=\"wp-block-image size-large\"><img decoding=\"async\" width=\"689\" height=\"1024\" src=\"https:\/\/piterevyn.se\/wp-content\/uploads\/2025\/11\/Mona-7-689x1024.jpg\" alt=\"\" class=\"wp-image-1455\" srcset=\"https:\/\/piterevyn.se\/wp-content\/uploads\/2025\/11\/Mona-7-689x1024.jpg 689w, https:\/\/piterevyn.se\/wp-content\/uploads\/2025\/11\/Mona-7-202x300.jpg 202w, https:\/\/piterevyn.se\/wp-content\/uploads\/2025\/11\/Mona-7-768x1142.jpg 768w, https:\/\/piterevyn.se\/wp-content\/uploads\/2025\/11\/Mona-7-1033x1536.jpg 1033w, https:\/\/piterevyn.se\/wp-content\/uploads\/2025\/11\/Mona-7-1377x2048.jpg 1377w, https:\/\/piterevyn.se\/wp-content\/uploads\/2025\/11\/Mona-7-300x446.jpg 300w, https:\/\/piterevyn.se\/wp-content\/uploads\/2025\/11\/Mona-7-850x1264.jpg 850w, https:\/\/piterevyn.se\/wp-content\/uploads\/2025\/11\/Mona-7-scaled.jpg 1722w\" sizes=\"(max-width: 689px) 100vw, 689px\" \/><\/figure>\n\n\n\n<h1 class=\"wp-block-heading has-text-align-center\">Mona Ponte\u00b4n<\/h1>\n\n\n\n<p>Lule-<strong>KUL<\/strong>-lan som \u00e4nnu ett \u00e5r <strong>KUL<\/strong>-ar vidare i PiteRevyn! N\u00e4r hon inte spelar teater eller med ett brett leende, lustfyllt sjunger i k\u00f6r. Mona m\u00e5nar \u00e4ven om att vi planerar det <strong>KUL<\/strong>-iga in i minsta roliga detalj, s\u00e5 vi inte k\u00f6r om-<strong>KUL<\/strong>-l i smilgroparna p\u00e5 v\u00e4gen.<\/p>\n<\/div>\n\n\n\n<div class=\"wp-block-column is-layout-flow wp-block-column-is-layout-flow\">\n<figure class=\"wp-block-image size-large\"><img decoding=\"async\" width=\"650\" height=\"1024\" src=\"https:\/\/piterevyn.se\/wp-content\/uploads\/2025\/11\/Siw-2-2-650x1024.jpg\" alt=\"\" class=\"wp-image-1454\" srcset=\"https:\/\/piterevyn.se\/wp-content\/uploads\/2025\/11\/Siw-2-2-650x1024.jpg 650w, https:\/\/piterevyn.se\/wp-content\/uploads\/2025\/11\/Siw-2-2-191x300.jpg 191w, https:\/\/piterevyn.se\/wp-content\/uploads\/2025\/11\/Siw-2-2-768x1209.jpg 768w, https:\/\/piterevyn.se\/wp-content\/uploads\/2025\/11\/Siw-2-2-975x1536.jpg 975w, https:\/\/piterevyn.se\/wp-content\/uploads\/2025\/11\/Siw-2-2-1300x2048.jpg 1300w, https:\/\/piterevyn.se\/wp-content\/uploads\/2025\/11\/Siw-2-2-300x472.jpg 300w, https:\/\/piterevyn.se\/wp-content\/uploads\/2025\/11\/Siw-2-2-850x1339.jpg 850w, https:\/\/piterevyn.se\/wp-content\/uploads\/2025\/11\/Siw-2-2-scaled.jpg 1626w\" sizes=\"(max-width: 650px) 100vw, 650px\" \/><\/figure>\n\n\n\n<h1 class=\"wp-block-heading has-text-align-center\">Siw \u00d6hman<\/h1>\n\n\n\n<p>Det finns inget olustigt hos PiteRevyns samt Pite\u00e5s regerande revydrottning Siwan! P\u00e5 ett n\u00e4stan of\u00f6rst\u00e5erligt s\u00e4tt och Pitem\u00e5l forts\u00e4tter hon efter mer \u00e4n 30 skrattfyllda \u00e5r p\u00e5 scenen, leverera \u00e4nnu mer av<strong> KUL<\/strong>-igheter. N\u00e4r hon nu inte klipper till dig i salongen, ja sin egen salong allts\u00e5!<\/p>\n<\/div>\n\n\n\n<div class=\"wp-block-column is-layout-flow wp-block-column-is-layout-flow\">\n<figure class=\"wp-block-image size-large\"><img loading=\"lazy\" decoding=\"async\" width=\"683\" height=\"1024\" src=\"https:\/\/piterevyn.se\/wp-content\/uploads\/2025\/11\/Anders-2-683x1024.jpg\" alt=\"\" class=\"wp-image-1430\" srcset=\"https:\/\/piterevyn.se\/wp-content\/uploads\/2025\/11\/Anders-2-683x1024.jpg 683w, https:\/\/piterevyn.se\/wp-content\/uploads\/2025\/11\/Anders-2-200x300.jpg 200w, https:\/\/piterevyn.se\/wp-content\/uploads\/2025\/11\/Anders-2-768x1152.jpg 768w, https:\/\/piterevyn.se\/wp-content\/uploads\/2025\/11\/Anders-2-1024x1536.jpg 1024w, https:\/\/piterevyn.se\/wp-content\/uploads\/2025\/11\/Anders-2-1365x2048.jpg 1365w, https:\/\/piterevyn.se\/wp-content\/uploads\/2025\/11\/Anders-2-300x450.jpg 300w, https:\/\/piterevyn.se\/wp-content\/uploads\/2025\/11\/Anders-2-850x1275.jpg 850w, https:\/\/piterevyn.se\/wp-content\/uploads\/2025\/11\/Anders-2-scaled.jpg 1706w\" sizes=\"(max-width: 683px) 100vw, 683px\" \/><\/figure>\n\n\n\n<h1 class=\"wp-block-heading has-text-align-center\">Anders Thorell<\/h1>\n\n\n\n<p>Lattjolajban-mannen fr\u00e5n Blekinge som n\u00e4r han inte levererar kanon-<strong>KUL<\/strong> sk\u00e4mt p\u00e5 Western-Farm i Boden, g\u00f6r sitt fj\u00e4rde fartfyllda \u00e5r med PiteRevyn! H\u00e4r vinglas och minglas det p\u00e5 scenen som i <strong>KUL<\/strong>-lissen, vilken Anders hj\u00e4lpt till att bygga.<\/p>\n<\/div>\n<\/div>\n<\/div>\n<\/div>\n\n\n\n<div class=\"wp-block-columns is-layout-flex wp-container-14 wp-block-columns-is-layout-flex\">\n<div class=\"wp-block-column is-layout-flow wp-block-column-is-layout-flow\">\n<figure class=\"wp-block-image size-large\"><img loading=\"lazy\" decoding=\"async\" width=\"683\" height=\"1024\" src=\"https:\/\/piterevyn.se\/wp-content\/uploads\/2025\/11\/Stefan-3-683x1024.jpg\" alt=\"\" class=\"wp-image-1441\" srcset=\"https:\/\/piterevyn.se\/wp-content\/uploads\/2025\/11\/Stefan-3-683x1024.jpg 683w, https:\/\/piterevyn.se\/wp-content\/uploads\/2025\/11\/Stefan-3-200x300.jpg 200w, https:\/\/piterevyn.se\/wp-content\/uploads\/2025\/11\/Stefan-3-768x1152.jpg 768w, https:\/\/piterevyn.se\/wp-content\/uploads\/2025\/11\/Stefan-3-1024x1536.jpg 1024w, https:\/\/piterevyn.se\/wp-content\/uploads\/2025\/11\/Stefan-3-1366x2048.jpg 1366w, https:\/\/piterevyn.se\/wp-content\/uploads\/2025\/11\/Stefan-3-300x450.jpg 300w, https:\/\/piterevyn.se\/wp-content\/uploads\/2025\/11\/Stefan-3-850x1275.jpg 850w, https:\/\/piterevyn.se\/wp-content\/uploads\/2025\/11\/Stefan-3-scaled.jpg 1707w\" sizes=\"(max-width: 683px) 100vw, 683px\" \/><\/figure>\n\n\n\n<h1 class=\"wp-block-heading has-text-align-center\">Stefan Alenius<\/h1>\n\n\n\n<p>Pensionerade farbrorn med <strong>KUL<\/strong>-magen som syns \u00f6verallt, men gladeligen vill att vi i revyn ska synas \u00e4ven i V\u00e4sterbotten! Vi i revyn st\u00e4ller oss fortfarande fr\u00e5gan vad som \u00e4r <strong>KUL<\/strong> med svart och gult eller Skellefte\u00e5 Hockey? M\u00e5ste vara f\u00f6r att Stefan ju bor i den fryntliga Pite-f\u00f6rorten J\u00e4vre!<\/p>\n<\/div>\n\n\n\n<div class=\"wp-block-column is-layout-flow wp-block-column-is-layout-flow\">\n<figure class=\"wp-block-image size-large\"><img loading=\"lazy\" decoding=\"async\" width=\"683\" height=\"1024\" src=\"https:\/\/piterevyn.se\/wp-content\/uploads\/2025\/11\/Irma-3-683x1024.jpg\" alt=\"\" class=\"wp-image-1442\" srcset=\"https:\/\/piterevyn.se\/wp-content\/uploads\/2025\/11\/Irma-3-683x1024.jpg 683w, https:\/\/piterevyn.se\/wp-content\/uploads\/2025\/11\/Irma-3-200x300.jpg 200w, https:\/\/piterevyn.se\/wp-content\/uploads\/2025\/11\/Irma-3-768x1152.jpg 768w, https:\/\/piterevyn.se\/wp-content\/uploads\/2025\/11\/Irma-3-1024x1536.jpg 1024w, https:\/\/piterevyn.se\/wp-content\/uploads\/2025\/11\/Irma-3-1365x2048.jpg 1365w, https:\/\/piterevyn.se\/wp-content\/uploads\/2025\/11\/Irma-3-300x450.jpg 300w, https:\/\/piterevyn.se\/wp-content\/uploads\/2025\/11\/Irma-3-850x1275.jpg 850w, https:\/\/piterevyn.se\/wp-content\/uploads\/2025\/11\/Irma-3-scaled.jpg 1706w\" sizes=\"(max-width: 683px) 100vw, 683px\" \/><\/figure>\n\n\n\n<h1 class=\"wp-block-heading has-text-align-center\">Irja Wallmark<\/h1>\n\n\n\n<p>Roliga rektorn p\u00e5 Pitholmsskolan, med tr\u00e4ffande<strong> KUL<\/strong>-minerande texter och roliga rim! Tidigare verksam i Vuollerim &amp; \u00c4lvsbyrevyn. Irja den energiska ekvilibristen i ensemblen, som tur nog vet hur vi i Pite\u00e5 skapar mer av <strong>KUL<\/strong> samt sj\u00e4lvklart \u00e4nnu mer <strong>KUL<\/strong>-tur!<\/p>\n<\/div>\n\n\n\n<div class=\"wp-block-column is-layout-flow wp-block-column-is-layout-flow\">\n<figure class=\"wp-block-image size-large\"><img loading=\"lazy\" decoding=\"async\" width=\"683\" height=\"1024\" src=\"https:\/\/piterevyn.se\/wp-content\/uploads\/2025\/11\/DSC3917-Redigera-1-683x1024.jpg\" alt=\"\" class=\"wp-image-1443\" srcset=\"https:\/\/piterevyn.se\/wp-content\/uploads\/2025\/11\/DSC3917-Redigera-1-683x1024.jpg 683w, https:\/\/piterevyn.se\/wp-content\/uploads\/2025\/11\/DSC3917-Redigera-1-200x300.jpg 200w, https:\/\/piterevyn.se\/wp-content\/uploads\/2025\/11\/DSC3917-Redigera-1-768x1152.jpg 768w, https:\/\/piterevyn.se\/wp-content\/uploads\/2025\/11\/DSC3917-Redigera-1-1024x1536.jpg 1024w, https:\/\/piterevyn.se\/wp-content\/uploads\/2025\/11\/DSC3917-Redigera-1-1365x2048.jpg 1365w, https:\/\/piterevyn.se\/wp-content\/uploads\/2025\/11\/DSC3917-Redigera-1-300x450.jpg 300w, https:\/\/piterevyn.se\/wp-content\/uploads\/2025\/11\/DSC3917-Redigera-1-850x1275.jpg 850w, https:\/\/piterevyn.se\/wp-content\/uploads\/2025\/11\/DSC3917-Redigera-1-scaled.jpg 1706w\" sizes=\"(max-width: 683px) 100vw, 683px\" \/><\/figure>\n\n\n\n<h1 class=\"wp-block-heading has-text-align-center\">Kenny Nyhl\u00e9n<\/h1>\n\n\n\n<p>Lysekilaren och \u201dBarbie-Kenny\u201d \u00e4r tillbaka! Revyns <strong>KUL<\/strong>-inariske kamrat och hippa hunk, som hanterat elever i k\u00f6ket p\u00e5 Str\u00f6mbackaskolan samt kl\u00e4r i hatt, baddr\u00e4kt, eller enbart l\u00f6smustasch n\u00e4r som helst. Vi i revyn gillar g\u00f6teborgshumorn och ja, vissa av pappa-sk\u00e4mten!<\/p>\n<\/div>\n<\/div>\n\n\n\n<div class=\"wp-block-columns is-layout-flex wp-container-18 wp-block-columns-is-layout-flex\">\n<div class=\"wp-block-column is-layout-flow wp-block-column-is-layout-flow\"><\/div>\n\n\n\n<div class=\"wp-block-column is-layout-flow wp-block-column-is-layout-flow\">\n<figure class=\"wp-block-image size-large\"><img loading=\"lazy\" decoding=\"async\" width=\"683\" height=\"1024\" src=\"https:\/\/piterevyn.se\/wp-content\/uploads\/2025\/11\/DSC3910-Redigera-8-683x1024.jpg\" alt=\"\" class=\"wp-image-1491\" srcset=\"https:\/\/piterevyn.se\/wp-content\/uploads\/2025\/11\/DSC3910-Redigera-8-683x1024.jpg 683w, https:\/\/piterevyn.se\/wp-content\/uploads\/2025\/11\/DSC3910-Redigera-8-200x300.jpg 200w, https:\/\/piterevyn.se\/wp-content\/uploads\/2025\/11\/DSC3910-Redigera-8-768x1152.jpg 768w, https:\/\/piterevyn.se\/wp-content\/uploads\/2025\/11\/DSC3910-Redigera-8-1024x1536.jpg 1024w, https:\/\/piterevyn.se\/wp-content\/uploads\/2025\/11\/DSC3910-Redigera-8-1365x2048.jpg 1365w, https:\/\/piterevyn.se\/wp-content\/uploads\/2025\/11\/DSC3910-Redigera-8-300x450.jpg 300w, https:\/\/piterevyn.se\/wp-content\/uploads\/2025\/11\/DSC3910-Redigera-8-850x1275.jpg 850w, https:\/\/piterevyn.se\/wp-content\/uploads\/2025\/11\/DSC3910-Redigera-8-scaled.jpg 1706w\" sizes=\"(max-width: 683px) 100vw, 683px\" \/><\/figure>\n\n\n\n<h2 class=\"wp-block-heading has-text-align-center\">Daniel Bergstr\u00f6m<\/h2>\n\n\n\n<p>\u00c5rets kompletterande nykomling och sk\u00e4ggiga <strong>KUL<\/strong>-tomte! Har tidigare spelat feministisk fars med Karlbergsteatern och skrattar till vardags bland hyllorna av choklad-<strong>KUL<\/strong>-or i Willys Wonka-butik. V\u00e4lkommen till PiteRevyn!<\/p>\n<\/div>\n\n\n\n<div class=\"wp-block-column is-layout-flow wp-block-column-is-layout-flow\"><\/div>\n<\/div>\n","protected":false},"excerpt":{"rendered":"<p>Mona Ponte\u00b4n Lule-KUL-lan som \u00e4nnu ett \u00e5r KUL-ar vidare i PiteRevyn! N\u00e4r hon inte spelar teater eller med ett brett leende, lustfyllt sjunger i k\u00f6r. Mona m\u00e5nar \u00e4ven om att vi planerar det KUL-iga in i minsta roliga detalj, s\u00e5 vi inte k\u00f6r om-KUL-l i smilgroparna p\u00e5 v\u00e4gen. Siw \u00d6hman Det finns inget olustigt hos&#8230;<\/p>\n","protected":false},"author":2,"featured_media":0,"parent":0,"menu_order":0,"comment_status":"closed","ping_status":"closed","template":"","meta":{"footnotes":""},"_links":{"self":[{"href":"https:\/\/piterevyn.se\/index.php?rest_route=\/wp\/v2\/pages\/185"}],"collection":[{"href":"https:\/\/piterevyn.se\/index.php?rest_route=\/wp\/v2\/pages"}],"about":[{"href":"https:\/\/piterevyn.se\/index.php?rest_route=\/wp\/v2\/types\/page"}],"author":[{"embeddable":true,"href":"https:\/\/piterevyn.se\/index.php?rest_route=\/wp\/v2\/users\/2"}],"replies":[{"embeddable":true,"href":"https:\/\/piterevyn.se\/index.php?rest_route=%2Fwp%2Fv2%2Fcomments&post=185"}],"version-history":[{"count":107,"href":"https:\/\/piterevyn.se\/index.php?rest_route=\/wp\/v2\/pages\/185\/revisions"}],"predecessor-version":[{"id":1496,"href":"https:\/\/piterevyn.se\/index.php?rest_route=\/wp\/v2\/pages\/185\/revisions\/1496"}],"wp:attachment":[{"href":"https:\/\/piterevyn.se\/index.php?rest_route=%2Fwp%2Fv2%2Fmedia&parent=185"}],"curies":[{"name":"wp","href":"https:\/\/api.w.org\/{rel}","templated":true}]}}